{"id":133,"date":"2023-01-25T11:37:33","date_gmt":"2023-01-25T11:37:33","guid":{"rendered":"https:\/\/szte-genetika.hu\/?page_id=133"},"modified":"2026-03-18T13:23:42","modified_gmt":"2026-03-18T13:23:42","slug":"archeogenetikai-kutatocsoport","status":"publish","type":"page","link":"https:\/\/szte-genetika.hu\/en\/archeogenetikai-kutatocsoport\/","title":{"rendered":"Archeogenetics Research Group"},"content":{"rendered":"<p>[et_pb_section fb_built=&#8221;1&#8243; _builder_version=&#8221;4.19.4&#8243; _module_preset=&#8221;default&#8221; background_enable_color=&#8221;off&#8221; use_background_color_gradient=&#8221;on&#8221; background_color_gradient_stops=&#8221;rgba(0,141,180,0.35) 1%|rgba(0,81,103,0.65) 100%&#8221; background_image=&#8221;https:\/\/szte-genetika.hu\/wp-content\/uploads\/2023\/01\/archeogenetika-kutatocsoport.webp&#8221; background_size=&#8221;initial&#8221; background_position=&#8221;center_right&#8221; background_horizontal_offset=&#8221;0%&#8221; background_blend=&#8221;overlay&#8221; background_enable_mask_style=&#8221;on&#8221; background_mask_style=&#8221;diagonal-bars&#8221; background_mask_color=&#8221;#005167&#8243; background_mask_size=&#8221;cover&#8221; top_divider_color=&#8221;#007FA9&#8243; top_divider_height=&#8221;50px&#8221; background_last_edited=&#8221;on|desktop&#8221; global_colors_info=&#8221;{}&#8221;][et_pb_row _builder_version=&#8221;4.19.4&#8243; _module_preset=&#8221;default&#8221; custom_padding=&#8221;||0px||false|false&#8221; global_colors_info=&#8221;{}&#8221;][et_pb_column type=&#8221;4_4&#8243; _builder_version=&#8221;4.19.4&#8243; _module_preset=&#8221;default&#8221; global_colors_info=&#8221;{}&#8221;][et_pb_text _builder_version=&#8221;4.19.4&#8243; _module_preset=&#8221;default&#8221; header_font=&#8221;Sofia Sans medium|500|||||||&#8221; header_text_color=&#8221;#F4F4F4&#8243; header_font_size=&#8221;40px&#8221; width_tablet=&#8221;70%&#8221; width_phone=&#8221;100%&#8221; width_last_edited=&#8221;on|desktop&#8221; global_colors_info=&#8221;{}&#8221;]<\/p>\n<h1>Archeogenetikai kutat\u00f3csoport<\/h1>\n<p>[\/et_pb_text][\/et_pb_column][\/et_pb_row][et_pb_row _builder_version=&#8221;4.19.4&#8243; _module_preset=&#8221;default&#8221; global_colors_info=&#8221;{}&#8221;][et_pb_column type=&#8221;4_4&#8243; _builder_version=&#8221;4.19.4&#8243; _module_preset=&#8221;default&#8221; global_colors_info=&#8221;{}&#8221;][et_pb_divider color=&#8221;#8BCE33&#8243; divider_weight=&#8221;5px&#8221; _builder_version=&#8221;4.19.4&#8243; _module_preset=&#8221;default&#8221; width=&#8221;20%&#8221; width_tablet=&#8221;40%&#8221; width_phone=&#8221;40%&#8221; width_last_edited=&#8221;on|phone&#8221; global_colors_info=&#8221;{}&#8221;][\/et_pb_divider][\/et_pb_column][\/et_pb_row][\/et_pb_section][et_pb_section fb_built=&#8221;1&#8243; _builder_version=&#8221;4.19.4&#8243; _module_preset=&#8221;default&#8221; background_color=&#8221;#F4F4F4&#8243; custom_padding=&#8221;0px||||false|false&#8221; bottom_divider_color=&#8221;#007FA9&#8243; bottom_divider_height=&#8221;50px&#8221; global_colors_info=&#8221;{}&#8221;][et_pb_row _builder_version=&#8221;4.19.4&#8243; _module_preset=&#8221;default&#8221; global_colors_info=&#8221;{}&#8221;][et_pb_column type=&#8221;4_4&#8243; _builder_version=&#8221;4.19.4&#8243; _module_preset=&#8221;default&#8221; global_colors_info=&#8221;{}&#8221;][et_pb_text _builder_version=&#8221;4.19.4&#8243; _module_preset=&#8221;default&#8221; text_font=&#8221;||||||||&#8221; link_font=&#8221;|600|||on|||#00C79C|solid&#8221; link_text_color=&#8221;#007FA9&#8243; text_orientation=&#8221;justified&#8221; width=&#8221;70%&#8221; width_tablet=&#8221;100%&#8221; width_phone=&#8221;100%&#8221; width_last_edited=&#8221;on|tablet&#8221; custom_margin=&#8221;50px||||false|false&#8221; custom_margin_tablet=&#8221;0px||||false|false&#8221; custom_margin_phone=&#8221;0px||||false|false&#8221; custom_margin_last_edited=&#8221;on|desktop&#8221; text_orientation_tablet=&#8221;justified&#8221; text_orientation_phone=&#8221;left&#8221; text_orientation_last_edited=&#8221;on|phone&#8221; global_colors_info=&#8221;{}&#8221; link_text_color__hover_enabled=&#8221;on|desktop&#8221; link_text_color__hover=&#8221;#00C79C&#8221;]<\/p>\n<h2>Popul\u00e1ci\u00f3genomika t\u00e9mak\u00f6r<\/h2>\n<p>A csoport kutat\u00e1si t\u00e9m\u00e1ja a K\u00e1rp\u00e1t-medence t\u00f6rt\u00e9neti n\u00e9pess\u00e9geinek genetikai vizsg\u00e1lata. Laborat\u00f3riumunkban a r\u00e9g\u00e9szetileg felt\u00e1rt csontokb\u00f3l kivont archaikus DNS (aDNS) szekvenci\u00e1inak elemz\u00e9s\u00e9vel tudunk k\u00f6vetkeztetni egykori hordoz\u00f3ik csal\u00e1di \u00e9s popul\u00e1ci\u00f3s szint\u0171 rokons\u00e1gi viszonyaira. Az aDNS genomokb\u00f3l meghat\u00e1rozhat\u00f3k az egykori popul\u00e1ci\u00f3k v\u00e1ndorl\u00e1sai \u00e9s kevered\u00e9sei is. <strong>Eddigi munk\u00e1inkban sikeresen rekonstru\u00e1ltuk a hunok, avarok \u00e9s honfoglal\u00f3 magyarok genetikai \u0151st\u00f6rt\u00e9net\u00e9t.<\/strong><\/p>\n<p>[\/et_pb_text][\/et_pb_column][\/et_pb_row][et_pb_row column_structure=&#8221;3_5,2_5&#8243; _builder_version=&#8221;4.19.4&#8243; _module_preset=&#8221;default&#8221; custom_padding=&#8221;0px||0px||false|false&#8221; global_colors_info=&#8221;{}&#8221;][et_pb_column type=&#8221;3_5&#8243; _builder_version=&#8221;4.19.4&#8243; _module_preset=&#8221;default&#8221; global_colors_info=&#8221;{}&#8221;][et_pb_text _builder_version=&#8221;4.19.4&#8243; _module_preset=&#8221;default&#8221; text_font=&#8221;||||||||&#8221; link_font=&#8221;|600|||on|||#00C79C|solid&#8221; link_text_color=&#8221;#007FA9&#8243; text_orientation=&#8221;justified&#8221; custom_margin=&#8221;||10px||false|false&#8221; text_orientation_tablet=&#8221;justified&#8221; text_orientation_phone=&#8221;left&#8221; text_orientation_last_edited=&#8221;on|phone&#8221; global_colors_info=&#8221;{}&#8221; link_text_color__hover=&#8221;#00C79C&#8221; link_text_color__hover_enabled=&#8221;on|desktop&#8221;]<\/p>\n<p>A hunok, avarok \u00e9s honfoglal\u00f3 magyarok genetikai sz\u00e1rmaz\u00e1s\u00e1nak rekonstrukci\u00f3ja a\u00a0 2022-ben k\u00f6z\u00f6lt Current Biology cikk\u00fcnk alapj\u00e1n.<\/p>\n<p>[\/et_pb_text][et_pb_image src=&#8221;https:\/\/szte-genetika.hu\/wp-content\/uploads\/2023\/01\/archeogenetika_hun-avar-honfoglalo-magyar-genetikai-leszarmazas.webp&#8221; alt=&#8221;hun avar honfoglal\u00f3 magyar genetikai lesz\u00e1rmaz\u00e1sa&#8221; title_text=&#8221;hun, avar \u00e9s honfoglal\u00f3 magyar genetikai lesz\u00e1rmaz\u00e1sa&#8221; _builder_version=&#8221;4.19.4&#8243; _module_preset=&#8221;default&#8221; box_shadow_style=&#8221;preset4&#8243; box_shadow_horizontal=&#8221;20px&#8221; box_shadow_vertical=&#8221;20px&#8221; box_shadow_color=&#8221;#006E8C&#8221; global_colors_info=&#8221;{}&#8221;][\/et_pb_image][\/et_pb_column][et_pb_column type=&#8221;2_5&#8243; _builder_version=&#8221;4.19.4&#8243; _module_preset=&#8221;default&#8221; global_colors_info=&#8221;{}&#8221;][et_pb_text _builder_version=&#8221;4.19.4&#8243; _module_preset=&#8221;default&#8221; text_font=&#8221;||||||||&#8221; link_font=&#8221;|600|||on|||#00C79C|solid&#8221; link_text_color=&#8221;#007FA9&#8243; text_orientation=&#8221;justified&#8221; text_orientation_tablet=&#8221;justified&#8221; text_orientation_phone=&#8221;left&#8221; text_orientation_last_edited=&#8221;on|phone&#8221; global_colors_info=&#8221;{}&#8221; link_text_color__hover=&#8221;#00C79C&#8221; link_text_color__hover_enabled=&#8221;on|desktop&#8221;]<\/p>\n<p><strong>A: <\/strong>A manysik (vogulok) \u00e9s a honfoglal\u00f3k k\u00f6z\u00f6s \u201cproto-ugor\u201d \u0151sei a bronzkori Mezhovskaya kult\u00fara \u00e9s a Nganasanok \u0151seinek kevered\u00e9s\u00e9b\u0151l sz\u00e1rmaztak. <strong>B:<\/strong> <strong>1.<\/strong> A vaskorban a manysik elv\u00e1ltak \u00e9s \u00e9szakabbra h\u00faz\u00f3dtak. <strong>2.<\/strong> A proto-magyarok a korai szarmat\u00e1kkal keveredtek i.e. 643-431 k\u00f6r\u00fcl, majd <strong>3.<\/strong> az \u00e1zsiai hunok ut\u00f3daival i.sz. 217-315 k\u00f6r\u00fcl. <strong>C:<\/strong> Az 5. sz\u00e1zadra az \u00e1zsiai hunokt\u00f3l sz\u00e1rmaz\u00f3 eur\u00f3pai hunok elfoglalt\u00e1k a kelet-eur\u00f3pai sztyepp\u00e9t, \u00e9s integr\u00e1lt\u00e1k annak kor\u00e1bbi lak\u00f3it. Ugyanekkor a kor\u00e1bbi \u00e1zsiai hun ter\u00fcleteken l\u00e9trej\u00f6tt a zsuan-zsuan (Rouran) kagan\u00e1tus. <strong>D:<\/strong> A 6. sz\u00e1zad k\u00f6zep\u00e9re az avar kagan\u00e1tus foglalta el a nyugati sztyepp\u00e9t, integr\u00e1lva annak kor\u00e1bbi lak\u00f3it. <strong>4.<\/strong> A 9-10. sz\u00e1zadban a honfoglal\u00f3 magyarok mindk\u00e9t kor\u00e1bbi birodalom n\u00e9pess\u00e9g\u00e9t integr\u00e1lt\u00e1k az \u00fatjuk sor\u00e1n \u00e9s a K\u00e1rp\u00e1t-medenc\u00e9ben.<\/p>\n<p>[\/et_pb_text][\/et_pb_column][\/et_pb_row][et_pb_row _builder_version=&#8221;4.19.4&#8243; _module_preset=&#8221;default&#8221; custom_padding=&#8221;||||false|false&#8221; global_colors_info=&#8221;{}&#8221;][et_pb_column type=&#8221;4_4&#8243; _builder_version=&#8221;4.19.4&#8243; _module_preset=&#8221;default&#8221; global_colors_info=&#8221;{}&#8221;][et_pb_text _builder_version=&#8221;4.19.4&#8243; _module_preset=&#8221;default&#8221; text_font=&#8221;||||||||&#8221; link_font=&#8221;|600|||on|||#00C79C|solid&#8221; link_text_color=&#8221;#007FA9&#8243; text_orientation=&#8221;justified&#8221; width=&#8221;70%&#8221; width_tablet=&#8221;100%&#8221; width_phone=&#8221;100%&#8221; width_last_edited=&#8221;on|tablet&#8221; custom_margin=&#8221;||||false|false&#8221; custom_margin_tablet=&#8221;0px||||false|false&#8221; custom_margin_phone=&#8221;0px||||false|false&#8221; custom_margin_last_edited=&#8221;off|desktop&#8221; text_orientation_tablet=&#8221;justified&#8221; text_orientation_phone=&#8221;left&#8221; text_orientation_last_edited=&#8221;on|phone&#8221; global_colors_info=&#8221;{}&#8221; link_text_color__hover_enabled=&#8221;on|desktop&#8221; link_text_color__hover=&#8221;#00C79C&#8221;]<\/p>\n<h2>Magyar uralkod\u00f3k azonos\u00edt\u00e1sa t\u00e9mak\u00f6r<\/h2>\n<p>A csoport m\u00e1sik nagy kutat\u00e1si ir\u00e1nya a magyar uralkod\u00f3k \u00e9s nemesi csal\u00e1dok maradv\u00e1nyainak azonos\u00edt\u00e1sa. Eddig sikerrel azonos\u00edtottuk az \u00c1rp\u00e1dh\u00e1z t\u00f6bb tagj\u00e1t.<\/p>\n<p>[\/et_pb_text][\/et_pb_column][\/et_pb_row][et_pb_row _builder_version=&#8221;4.19.4&#8243; _module_preset=&#8221;default&#8221; custom_padding=&#8221;||||false|false&#8221; hover_enabled=&#8221;0&#8243; global_colors_info=&#8221;{}&#8221; sticky_enabled=&#8221;0&#8243;][et_pb_column type=&#8221;4_4&#8243; _builder_version=&#8221;4.19.4&#8243; _module_preset=&#8221;default&#8221; global_colors_info=&#8221;{}&#8221;][et_pb_toggle title=&#8221;Publik\u00e1ci\u00f3k&#8221; open_toggle_text_color=&#8221;#006E8C&#8221; open_toggle_background_color=&#8221;RGBA(255,255,255,0)&#8221; closed_toggle_background_color=&#8221;#006E8C&#8221; icon_color=&#8221;#8BCE33&#8243; toggle_icon=&#8221;&#xe044;||divi||400&#8243; use_icon_font_size=&#8221;on&#8221; icon_font_size=&#8221;25px&#8221; open_icon_color=&#8221;#8BCE33&#8243; open_toggle_icon=&#8221;&#xe043;||divi||400&#8243; open_use_icon_font_size=&#8221;on&#8221; open_icon_font_size=&#8221;25px&#8221; closed_toggle_background_color_tablet=&#8221;#006E8C&#8221; closed_toggle_background_color_phone=&#8221;#EAEAEA&#8221; closed_toggle_background_color_last_edited=&#8221;on|phone&#8221; _builder_version=&#8221;4.25.0&#8243; _module_preset=&#8221;default&#8221; title_text_color=&#8221;#EAEAEA&#8221; title_level=&#8221;h2&#8243; body_link_font=&#8221;|600|||on|||#8BCE33|&#8221; body_link_text_color=&#8221;#008DB4&#8243; width=&#8221;80%&#8221; width_tablet=&#8221;100%&#8221; width_phone=&#8221;100%&#8221; width_last_edited=&#8221;on|phone&#8221; max_width_tablet=&#8221;100%&#8221; max_width_phone=&#8221;100%&#8221; max_width_last_edited=&#8221;on|desktop&#8221; custom_margin=&#8221;|||-20px|false|false&#8221; custom_margin_tablet=&#8221;|||0px|false|false&#8221; custom_margin_phone=&#8221;|||0px|false|false&#8221; custom_margin_last_edited=&#8221;on|phone&#8221; custom_padding_tablet=&#8221;&#8221; custom_padding_phone=&#8221;|0px||0px|false|false&#8221; custom_padding_last_edited=&#8221;on|phone&#8221; hover_enabled=&#8221;0&#8243; title_text_color_tablet=&#8221;#EAEAEA&#8221; title_text_color_phone=&#8221;#008DB4&#8243; title_text_color_last_edited=&#8221;on|phone&#8221; border_width_all=&#8221;0px&#8221; global_colors_info=&#8221;{}&#8221; body_link_text_color__hover_enabled=&#8221;on|desktop&#8221; body_link_text_color__hover=&#8221;#6EC200&#8243; sticky_enabled=&#8221;0&#8243;]<\/p>\n<p>Oszk\u00e1r Sch\u00fctz, Zolt\u00e1n Mar\u00f3ti, Bal\u00e1zs Tihanyi, Attila P. Kiss, Emil Nyerki, Alexandra G\u00eengu\u021b\u0103, Petra Kiss, Gergely I. B. Varga, Bence Kov\u00e1cs, Kitti Ma\u00e1r, Bernadett Ny. Kovacs\u00f3czy, Nikoletta Luk\u00e1cs, Istv\u00e1n Major, Ant\u00f3nia Marcsik, Eszter Patyi, Anna Szigeti, Zolt\u00e1n T\u00f3th, Dorottya Walter, G\u00e1bor Wilhelm, R\u00e9ka Cs. Andr\u00e1si, Zsolt Bernert, Luca Kis, Liana O\u021ba, Gy\u00f6rgy P\u00e1lfi, G\u00e1bor Pintye, D\u00e1niel P\u00f3pity, Angela Simalcsik, Andrei Dorian Soficaru, Olga Spekker, S\u00e1ndor Varga, Endre Nepar\u00e1czki, Tibor T\u00f6r\u00f6k (2025). <strong>Unveiling the Origins and Genetic Makeup of the \u2018Forgotten People\u2019: A Study of the Sarmatian-Period Population in the Carpathian Basin.<\/strong> <em>CELL<\/em> <span><a href=\"https:\/\/doi.org\/10.1016\/j.cell.2025.05.009\" target=\"_blank\" rel=\"noopener\">Elolvasom<\/a><\/span> <\/p>\n<p>Tihanyi Bal\u00e1zs, Ma\u00e1r Kitti, Kis Luca, G\u00eengu\u021b\u0103 Alexandra, Varga Gergely I. B., Kov\u00e1cs Bence, Sch\u00fctz Oszk\u00e1r, P\u00e1lfi Gy\u00f6rgy, Nepar\u00e1czki Endre, T\u00f6r\u00f6k Tibor, Spekker Olga, Mar\u00f3ti Zolt\u00e1n, Berthon William (2024) <strong> \u2018But no living man am I\u2019: Bioarchaeological evaluation of the first-known female burial with weapon from the 10th-century-CE Carpathian Basin<\/strong> <em>PLOS ONE<\/em> <span><a href=\"https:\/\/doi.org\/10.1371\/journal.pone.0313963\" target=\"_blank\" rel=\"noopener\">Elolvasom<\/a><\/span> <\/p>\n<p>Varga Gergely I.B., Mar\u00f3ti Zolt\u00e1n, Sch\u00fctz Oszk\u00e1r, Ma\u00e1r Kitti, Nyerki Emil, Tihanyi Bal\u00e1zs, V\u00e1radi Orsolya Anna, G\u00eengu\u021b\u0103 Alexandra, Kov\u00e1cs Bence, Kiss Petra, Dosztig Monika, Gallina Zsolt, T\u00f6r\u00f6k Tibor, B. Szab\u00f3 J\u00e1nos, Makoldi Mikl\u00f3s, Nepar\u00e1czki Endre (2024) <strong>Archaeogenetic analysis revealed East Eurasian paternal origin to the Aba royal family of Hungary<\/strong> <em>ISCIENCE<\/em> <span><a href=\"https:\/\/doi.org\/10.1016\/j.isci.2024.110892\" target=\"_blank\" rel=\"noopener\">Elolvasom<\/a><\/span> <\/p>\n<p>Spekker Olga, Kiss P. Attila, Kis Luca, Kir\u00e1ly Kitty, Varga S\u00e1ndor, Marcsik Ant\u00f3nia, Sch\u00fctz Oszk\u00e1r, T\u00f6r\u00f6k Tibor, Hunt David R., Tihanyi Bal\u00e1zs (2024) <strong>White plague among the \u201cforgotten people\u201d from the Barbaricum of the Carpathian Basin\u2013Cases with tuberculosis from the Sarmatian-period (3rd\u20134th centuries CE) archaeological site of H\u00f3dmez\u0151v\u00e1s\u00e1rhely\u2013Kenyere-\u00e9r, Bereczki-tanya (Hungary)<\/strong> <em>PLOS ONE<\/em> <span><a href=\"https:\/\/doi.org\/10.1371\/journal.pone.0294762\" target=\"_blank\" rel=\"noopener\">Elolvasom<\/a><\/span> <\/p>\n<p>G\u00eengu\u021b\u0103 Alexandra, Kov\u00e1cs Bence, Sch\u00fctz Oszk\u00e1r, Tihanyi Bal\u00e1zs, Nyerki Emil, Ma\u00e1r Kitti, Mar\u00f3ti Zolt\u00e1n, Varga Gergely I.B., B\u0103cue\u021b-Cri\u0219an Dan, Keresztes Timea, T\u00f6r\u00f6k Tibor, Nepar\u00e1czki Endre (2023) <strong>Genetic identification of members of the prominent B\u00e1thory aristocratic family<\/strong> <em>ISCIENCE<\/em> <span><a href=\"https:\/\/doi.org\/10.1016\/j.isci.2023.107911\" target=\"_blank\" rel=\"noopener\">Elolvasom<\/a><\/span> <\/p>\n<p>T\u00f6r\u00f6k Tibor (2023) <strong>Integrating linguistic, archaeological and genetic perspectives unfold the origin of Ugrians<\/strong> <em>GENES<\/em> <span><a href=\"https:\/\/doi.org\/10.3390\/genes14071345\" target=\"_blank\" rel=\"noopener\">Elolvasom<\/a><\/span> <\/p>\n<p>Nyerki Emil, Kalm\u00e1r Tibor, Sch\u00fctz Oszk\u00e1r, Lima Rui M., Nepar\u00e1czki Endre, T\u00f6r\u00f6k Tibor, Mar\u00f3ti Zolt\u00e1n (2023) <strong>correctKin: an optimized method to infer relatedness up to the 4th degree from low-coverage ancient human genomes<\/strong> <em>GENOME BIOLOGY<\/em> <span><a href=\"https:\/\/doi.org\/10.1186\/s13059-023-02882-4\" target=\"_blank\" rel=\"noopener\">Elolvasom<\/a><\/span> <\/p>\n<p>Varga Gergely I B, Lilla Alida Krist\u00f3f, Kitti Ma\u00e1r, Luca Kis, Oszk\u00e1r Sch\u00fctz, Orsolya V\u00e1radi, Bence Kov\u00e1cs, Alexandra G\u00eengu\u021b\u0103, Bal\u00e1zs Tihanyi, P\u00e9ter L Nagy, Zolt\u00e1n Mar\u00f3ti, Emil Nyerki, Tibor T\u00f6r\u00f6k and Endre Nepar\u00e1czki (2022) <strong>The archaeogenomic validation of Saint Ladislaus&#8217; relic provides insights into the \u00c1rp\u00e1d dynasty&#8217;s genealogy<\/strong> <em>JOURNAL OF GENETICS AND GENOMICS<\/em> <span><a href=\"https:\/\/doi.org\/10.1016\/j.jgg.2022.06.008\" target=\"_blank\" rel=\"noopener\">Elolvasom<\/a><\/span> <\/p>\n<p>Nepar\u00e1czki Endre, Kis Luca, Mar\u00f3ti Zolt\u00e1n, Kov\u00e1cs Bence, Varga Gergely I.B., Makoldi Mikl\u00f3s, Horolma Pamjav, Teiszler \u00c9va, Tihanyi Bal\u00e1zs, Nagy P\u00e9ter L., Ma\u00e1r Kitti, Gyenesei Attila, Sch\u00fctz Oszk\u00e1r, Dud\u00e1s Eszter, T\u00f6r\u00f6k Tibor, Pascuttini-Juraga Vesna, Peharda Ivan\u010dica, Vizi L\u00e1szl\u00f3 Tam\u00e1s, Horv\u00e1th-Lugossy G\u00e1bor, K\u00e1sler Mikl\u00f3s (2022) <strong>The genetic legacy of the Hunyadi descendants<\/strong> <em>HELIYON<\/em> <span><a href=\"https:\/\/doi.org\/10.1016\/j.heliyon.2022.e11731\" target=\"_blank\" rel=\"noopener\">Elolvasom<\/a><\/span> <\/p>\n<p>Mar\u00f3ti Zolt\u00e1n, Endre Nepar\u00e1czki, Oszk\u00e1r Sch\u00fctz, Kitti Ma\u00e1r, Gergely I.B.Varga, Bence Kov\u00e1cs, Tibor Kalm\u00e1r, Emil Nyerki, Istv\u00e1n Nagy, D\u00f3ra Latinovics, Bal\u00e1zs Tihanyi, Ant\u00f3nia Marcsik, Gy\u00f6rgy P\u00e1lfi, Zsolt Bernert, Zsolt Gallina, Cipri\u00e1n Horv\u00e1th, S\u00e1ndor Varga, L\u00e1szl\u00f3 K\u00f6lt\u0151, Istv\u00e1n Rask\u00f3, P\u00e9ter L. Nagy, Csilla Balogh, Albert Zink, Frank Maixner, Anders G\u00f6therstr\u00f6m, Robert George, Csaba Szalontai, Gergely Szenthe, Erwin G\u00e1ll, Attila P. Kiss, Bence Guly\u00e1s, Bernadett Ny. Kovacs\u00f3czy, Szil\u00e1rd S\u00e1ndor G\u00e1l, P\u00e9terTomka and TiborT\u00f6r\u00f6k (2022): <strong>The genetic origin of Huns, Avars, and conquering Hungarians <\/strong><em>CURRENT BIOLOGY<\/em> <span><a href=\"https:\/\/doi.org\/10.1016\/j.cub.2022.04.093\" target=\"_blank\" rel=\"noopener\">Elolvasom<\/a><\/span> <\/p>\n<p>Tibor T\u00f6r\u00f6k, Kitti Ma\u00e1r, Istv\u00e1n Gergely Varga and Zolt\u00e1n Juh\u00e1sz (2022): <strong>A new linear combination method of haplogroup distribution central vectors to model population admixtures<\/strong>. <em>MOLECULAR GENETICS AND GENOMICS<\/em> <span><a href=\"https:\/\/doi.org\/10.1007\/s00438-022-01888-0\" target=\"_blank\" rel=\"noopener\">Elolvasom<\/a><\/span> <\/p>\n<p>G\u00eengu\u021b\u0103 Alexandra, Kov\u00e1cs Bence, Tihanyi Bal\u00e1zs, Ma\u00e1r Kitti, Sch\u00fctz Oszk\u00e1r, Mar\u00f3ti Zolt\u00e1n, Varga Gergely Istv\u00e1n, \u00a0Kiss P. Attila, Ioan Stanciu, T\u00f6r\u00f6k Tibor and Nepar\u00e1czki Endre (2022): <strong>Maternal Lineages of Gepids from Transylvania.<\/strong> <em>GENES<\/em> <span><a href=\"https:\/\/doi.org\/10.3390\/genes13040563\" target=\"_blank\" rel=\"noopener\">Elolvasom<\/a><\/span> <\/p>\n<p>Ma\u00e1r Kitti, Varga Gergely, Kov\u00e1cs Bence, Sch\u00fctz Oszk\u00e1r, Mar\u00f3ti Zolt\u00e1n, Kalm\u00e1r Tibor, Nyerki Emil, Nagy Istv\u00e1n, Latinovics D\u00f3ra, Tihanyi Bal\u00e1zs, Marcsik Ant\u00f3nia, P\u00e1lfi\u00a0 Gy\u00f6rgy, \u00a0Bernert Zsolt, Gallina Zsolt, Varga S\u00e1ndor, K\u00f6lt\u0151 L\u00e1szl\u00f3, Rask\u00f3 Istv\u00e1n, T\u00f6r\u00f6k Tibor and Nepar\u00e1czki Endre (2021): <strong>Maternal Lineages from 10-11th Century Commoner Cemeteries of Carpathian Basin <\/strong><em>GENES<\/em> <span><a href=\"https:\/\/doi.org\/10.3390\/genes12030460\" target=\"_blank\" rel=\"noopener\">Elolvasom<\/a><\/span> <\/p>\n<p>Varga Gergely I., Ma\u00e1r Kitti, Ginguta Alexandra, Kov\u00e1cs Bence, Tihanyi Bal\u00e1zs, Kis Luca, V\u00e1radi Orsolya, Kiss Petra, Szokol\u00f3czi D\u00e1vid, Sch\u00fctz Oszk\u00e1r, Mar\u00f3ti Zolt\u00e1n, Nyerki Emil, Nagy Istv\u00e1n, Latinovics D\u00f3ra, T\u00f6r\u00f6k Tibor, Nepar\u00e1czki Endre (2021): <strong>An archaeogenetic approach to identify the remains of the Hungarian Kings <\/strong><em>EPHEMERIS HUNGAROLOGICA<\/em> <span><a href=\"https:\/\/mki.gov.hu\/assets\/pdf\/ephemeris2021_2\/gergely.pdf\" target=\"_blank\" rel=\"noopener\">Elolvasom<\/a><\/span> <\/p>\n<p>Nepar\u00e1czki Endre, Mar\u00f3ti Zolt\u00e1n, Kalm\u00e1r Tibor, Ma\u00e1r Kitti, Nagy Istv\u00e1n, Latinovics D\u00f3ra, Kust\u00e1r \u00c1gnes, P\u00e1lfi Gy\u00f6rgy, Moln\u00e1r Erika, Marcsik Ant\u00f3nia, BaloghCsilla, L\u0151rinczy G\u00e1bor, G\u00e1l S\u00e1ndor Szil\u00e1rd, Tomka P\u00e9ter, Kovacs\u00f3czy Bernadett, Kov\u00e1cs L\u00e1szl\u00f3, Rask\u00f3 Istv\u00e1n and T\u00f6r\u00f6k Tibor (2019): <strong>Y-chromosome haplogroups from Hun, Avar and conquering Hungarian period nomadic people of the Carpathian Basin <\/strong> <em>SCIENTIFIC REPORTS<\/em> <span><a href=\"https:\/\/doi.org\/10.1038\/s41598-019-53105-5\" target=\"_blank\" rel=\"noopener\">Elolvasom<\/a><\/span> <\/p>\n<p>Nepar\u00e1czki Endre, Mar\u00f3ti, Zolt\u00e1n, Kalm\u00e1r Tibor, Kocsy Klaudia, Ma\u00e1r Kitti, Bihari P\u00e9ter, Nagy Istv\u00e1n, F\u00f3thi Erzs\u00e9bet, Pap Ildik\u00f3, Kust\u00e1r \u00c1gnes, P\u00e1lfi Gy\u00f6rgy, Rask\u00f3 Istv\u00e1n, Albert Zink and T\u00f6r\u00f6k Tibor (2018): <strong>Mitogenomic data indicate admixture components of Central-Inner Asian and Srubnaya origin in the conquering Hungarians <\/strong> <em>PLOS ONE<\/em> <span><a href=\"https:\/\/doi.org\/10.1371\/journal.pone.0205920\" target=\"_blank\" rel=\"noopener\">Elolvasom<\/a><\/span><span>\u00a0<\/span> <\/p>\n<p>Nepar\u00e1czki E, Kocsy K, T\u00f3th GE, Mar\u00f3ti Z, Kalm\u00e1r T, Bihari P, Nagy I, P\u00e1lfi Gy, Moln\u00e1r E,\u00a0 Rask\u00f3 I and T\u00f6r\u00f6k T. (2017<strong>): Revising mtDNA haplotypes of the ancient Hungarian conquerors with next generation sequencing<\/strong> <em>PLOS ONE<\/em> <span><a href=\"https:\/\/doi.org\/10.1371\/journal.pone.0174886\" target=\"_blank\" rel=\"noopener\">Elolvasom<\/a><\/span> <\/p>\n<p>Nepar\u00e1czki Endre, Zolt\u00e1n Juh\u00e1sz, Horolma Pamjav, Tibor Feh\u00e9r, Bernadett Cs\u00e1nyi, Albert Zink, Frank Maixner, Gy\u00f6rgy P\u00e1lfi, Erika Moln\u00e1r, Ildik\u00f3 Pap, \u00c1gnes Kust\u00e1r, L\u00e1szl\u00f3 R\u00e9v\u00e9sz, Istv\u00e1n Rask\u00f3 and Tibor T\u00f6r\u00f6k (2017): <strong>Genetic structure of the early Hungarian conquerors inferred from mtDNA haplotypes and Y-chromosome haplogroups in a small cemetery <\/strong> <em>MOLECULAR GENETICS AND GENOMICS<\/em> <span><a href=\"https:\/\/doi.org\/10.1007\/s00438-016-1267-z\" target=\"_blank\" rel=\"noopener\">Elolvasom<\/a><\/span> <\/p>\n<p>\n<span style=\"text-decoration: underline;\"><strong>Konferencia el\u0151ad\u00e1sok, poszterek:<\/strong><\/span>\n<\/p>\n<p><strong>15th International Meeting of the Society for Anthropology. Moving Forward in Biological Anthropology (2025): <\/strong><br \/>\nThe interdisciplinary investigation of the first-known female burial with weapon from the 10th-century-CE Carpathian Basin &#8211; El\u0151ad\u00e1s <\/p>\n<p><strong>Hungarian Molecular Life Sciences (2025):<\/strong><br \/>\naHISplex: An imputation based method for eye, hair and skin colour prediction from low coverage ancient DNA &#8211; El\u0151ad\u00e1s<br \/>\nArchaeogenetic investigation of the Gepid Period population of the Carpathian Basin &#8211; El\u0151ad\u00e1s<br \/>\nOut of the kings\u2019 shadows: Population genetic investigation of the remains from the royal basilica of Sz\u00e9kesfeh\u00e9rv\u00e1r &#8211; El\u0151ad\u00e1s <\/p>\n<p><strong>EMBO\/EMBL Symposium: Reconstructing the human past: using ancient and modern genomics (2024):<\/strong><br \/>\nThe origin and composition of the &#8222;forgotten people&#8221;: genetic analysis of the Sarmatian-period population of the Carpathian Basin &#8211; El\u0151ad\u00e1s<br \/>\naHISplex: an imputation-based method for eye, hair and skin colour prediction from low coverage ancient DNA &#8211; Poszter<br \/>\nOut of the kings\u2019 shadows: population genetic investigation of the remains from the royal basilica of Sz\u00e9kesfeh\u00e9rv\u00e1r &#8211; Poszter <\/p>\n<p><strong>10th Meeting of the International Society for Biomolecular Archaeology (2023):<\/strong><br \/>\nPreliminary genetic results about Sarmatians from the Carpathian Basin &#8211; Poszter <\/p>\n<p><strong>Reconstructing the human past: using ancient and modern genomics (2022):<\/strong><br \/>\nThe genetic origin of Huns, Avars and conquering Hungarians &#8211; Poszter<br \/>\nAn optimized method to infer relatedness up to the 4<sup>th<\/sup> degree from low coverage ancient human genomes &#8211; Poszter <\/p>\n<p>[\/et_pb_toggle][\/et_pb_column][\/et_pb_row][et_pb_row _builder_version=&#8221;4.19.4&#8243; _module_preset=&#8221;default&#8221; custom_padding=&#8221;||||false|false&#8221; global_colors_info=&#8221;{}&#8221;][et_pb_column type=&#8221;4_4&#8243; _builder_version=&#8221;4.19.4&#8243; _module_preset=&#8221;default&#8221; global_colors_info=&#8221;{}&#8221;][et_pb_text _builder_version=&#8221;4.19.4&#8243; _module_preset=&#8221;default&#8221; text_font=&#8221;||||||||&#8221; text_text_color=&#8221;#3D3D3D&#8221; link_font=&#8221;|600|||on|||#00C79C|solid&#8221; link_text_color=&#8221;#007FA9&#8243; text_orientation=&#8221;justified&#8221; width=&#8221;70%&#8221; width_tablet=&#8221;100%&#8221; width_phone=&#8221;100%&#8221; width_last_edited=&#8221;on|tablet&#8221; custom_margin=&#8221;||||false|false&#8221; custom_margin_tablet=&#8221;0px||||false|false&#8221; custom_margin_phone=&#8221;0px||||false|false&#8221; custom_margin_last_edited=&#8221;off|desktop&#8221; text_orientation_tablet=&#8221;justified&#8221; text_orientation_phone=&#8221;left&#8221; text_orientation_last_edited=&#8221;on|phone&#8221; global_colors_info=&#8221;{}&#8221; link_text_color__hover_enabled=&#8221;on|desktop&#8221; link_text_color__hover=&#8221;#00C79C&#8221;]<\/p>\n<h2>Az archeogenetikai kutat\u00f3csoport munkat\u00e1rsai:<\/h2>\n<p>[\/et_pb_text][\/et_pb_column][\/et_pb_row][et_pb_row column_structure=&#8221;1_4,1_4,1_4,1_4&#8243; use_custom_gutter=&#8221;on&#8221; gutter_width=&#8221;2&#8243; make_equal=&#8221;on&#8221; _builder_version=&#8221;4.19.5&#8243; _module_preset=&#8221;default&#8221; width=&#8221;85%&#8221; custom_padding=&#8221;0px||||false|false&#8221; global_colors_info=&#8221;{}&#8221;][et_pb_column type=&#8221;1_4&#8243; _builder_version=&#8221;4.19.5&#8243; _module_preset=&#8221;default&#8221; custom_padding=&#8221;||||false|false&#8221; box_shadow_style=&#8221;preset1&#8243; box_shadow_blur=&#8221;10px&#8221; global_colors_info=&#8221;{}&#8221;][et_pb_image src=&#8221;https:\/\/szte-genetika.hu\/wp-content\/uploads\/2023\/02\/TorokTibor.webp&#8221; alt=&#8221;Dr. T\u00f6r\u00f6k Tibor&#8221; title_text=&#8221;Dr. T\u00f6r\u00f6k Tibor&#8221; align_tablet=&#8221;&#8221; align_phone=&#8221;center&#8221; align_last_edited=&#8221;on|desktop&#8221; _builder_version=&#8221;4.19.5&#8243; _module_preset=&#8221;default&#8221; width=&#8221;100%&#8221; width_tablet=&#8221;100%&#8221; width_phone=&#8221;100%&#8221; width_last_edited=&#8221;on|phone&#8221; custom_margin=&#8221;||10px||false|false&#8221; custom_padding=&#8221;20px|20px||20px|false|false&#8221; global_colors_info=&#8221;{}&#8221;][\/et_pb_image][et_pb_text _builder_version=&#8221;4.19.5&#8243; _module_preset=&#8221;default&#8221; text_text_color=&#8221;#002843&#8243; text_font_size=&#8221;17px&#8221; text_line_height=&#8221;1.2em&#8221; link_font=&#8221;||||on|||#8BCE33|&#8221; link_text_color=&#8221;#002843&#8243; link_font_size=&#8221;17px&#8221; header_4_font=&#8221;||||||||&#8221; header_4_text_color=&#8221;#005167&#8243; header_4_font_size=&#8221;25px&#8221; header_4_line_height=&#8221;1.2em&#8221; custom_padding=&#8221;5px|20px|20px|20px|false|false&#8221; global_colors_info=&#8221;{}&#8221; link_text_color__hover_enabled=&#8221;on|desktop&#8221; link_text_color__hover=&#8221;#6EC200&#8243;]<\/p>\n<h4>Dr. T\u00f6r\u00f6k Tibor<\/h4>\n<p><strong>egyetemi docens, csoportvezet\u0151<\/strong><\/p>\n<p><span style=\"font-family: 'ETmodules';\">\ue090 <\/span><a href=\"tel:+3662544104\">54-4104<\/a><\/p>\n<p><span style=\"font-family: 'ETmodules';\">\ue076 <\/span><a href=\"&#x6d;&#97;i&#x6c;&#116;o&#x3a;&#116;o&#x72;&#111;k&#x74;&#64;b&#x69;&#111;&#46;&#x75;&#45;s&#x7a;&#101;g&#x65;&#100;&#46;&#x68;&#117;\">&#116;&#x6f;r&#111;&#x6b;t&#64;&#x62;i&#111;&#x2e;u&#45;&#x73;&#122;&#x65;&#x67;&#101;&#x64;&#x2e;&#104;&#x75;<\/a><\/p>\n<p>MTMT: 10010526\u00a0 \u00a0<a href=\"https:\/\/m2.mtmt.hu\/gui2\/?type=authors&amp;mode=browse&amp;sel=10010526&amp;view=dataSheet\" target=\"_blank\" rel=\"noopener\">MTMT adatlap<\/a><\/p>\n<p>[\/et_pb_text][\/et_pb_column][et_pb_column type=&#8221;1_4&#8243; _builder_version=&#8221;4.19.5&#8243; _module_preset=&#8221;default&#8221; custom_padding=&#8221;||||false|false&#8221; box_shadow_style=&#8221;preset1&#8243; box_shadow_blur=&#8221;10px&#8221; global_colors_info=&#8221;{}&#8221;][et_pb_image alt=&#8221;Dr. Nepar\u00e1czki Endre&#8221; title_text=&#8221;Dr. Nepar\u00e1czki Endre&#8221; align_tablet=&#8221;&#8221; align_phone=&#8221;center&#8221; align_last_edited=&#8221;on|desktop&#8221; _builder_version=&#8221;4.25.0&#8243; _module_preset=&#8221;default&#8221; width=&#8221;100%&#8221; width_tablet=&#8221;100%&#8221; width_phone=&#8221;100%&#8221; width_last_edited=&#8221;on|phone&#8221; custom_margin=&#8221;||10px||false|false&#8221; custom_padding=&#8221;20px|20px||20px|false|false&#8221; global_colors_info=&#8221;{}&#8221;][\/et_pb_image][et_pb_text _builder_version=&#8221;4.25.0&#8243; _module_preset=&#8221;default&#8221; text_text_color=&#8221;#002843&#8243; text_font_size=&#8221;17px&#8221; text_line_height=&#8221;1.2em&#8221; link_font=&#8221;||||on|||#8BCE33|&#8221; link_text_color=&#8221;#002843&#8243; link_font_size=&#8221;17px&#8221; header_4_font=&#8221;||||||||&#8221; header_4_text_color=&#8221;#005167&#8243; header_4_font_size=&#8221;25px&#8221; header_4_line_height=&#8221;1.2em&#8221; custom_padding=&#8221;5px|20px|20px|20px|false|false&#8221; global_colors_info=&#8221;{}&#8221; link_text_color__hover_enabled=&#8221;on|desktop&#8221; link_text_color__hover=&#8221;#6EC200&#8243;]<\/p>\n<h4>Dr. Mar\u00f3ti Zolt\u00e1n<\/h4>\n<p><strong>tudom\u00e1nyos f\u0151munkat\u00e1rs<\/strong><\/p>\n<p><span style=\"font-family: 'ETmodules';\">\ue090 <\/span><\/p>\n<p><span style=\"font-family: 'ETmodules';\">\ue076\u00a0<\/span><\/p>\n<p>MTMT: 10023912 \u00a0 <a href=\"https:\/\/m2.mtmt.hu\/gui2\/?type=authors&amp;mode=browse&amp;sel=10023912&amp;view=dataSheet\" target=\"_blank\" rel=\"noopener\">MTMT adatlap<\/a>[\/et_pb_text][\/et_pb_column][et_pb_column type=&#8221;1_4&#8243; _builder_version=&#8221;4.19.5&#8243; _module_preset=&#8221;default&#8221; box_shadow_style=&#8221;preset1&#8243; box_shadow_blur=&#8221;10px&#8221; global_colors_info=&#8221;{}&#8221;][et_pb_image src=&#8221;https:\/\/szte-genetika.hu\/wp-content\/uploads\/2023\/02\/VargaGergelyIstvan.webp&#8221; alt=&#8221;Dr. Varga Gergely Istv\u00e1n&#8221; title_text=&#8221;Dr. Varga Gergely Istv\u00e1n&#8221; align_tablet=&#8221;&#8221; align_phone=&#8221;center&#8221; align_last_edited=&#8221;on|desktop&#8221; _builder_version=&#8221;4.19.5&#8243; _module_preset=&#8221;default&#8221; width=&#8221;100%&#8221; width_tablet=&#8221;100%&#8221; width_phone=&#8221;100%&#8221; width_last_edited=&#8221;on|phone&#8221; custom_margin=&#8221;||10px||false|false&#8221; custom_padding=&#8221;20px|20px||20px|false|false&#8221; global_colors_info=&#8221;{}&#8221;][\/et_pb_image][et_pb_text _builder_version=&#8221;4.25.0&#8243; _module_preset=&#8221;default&#8221; text_text_color=&#8221;#002843&#8243; text_font_size=&#8221;17px&#8221; text_line_height=&#8221;1.2em&#8221; link_font=&#8221;||||on|||#8BCE33|&#8221; link_text_color=&#8221;#002843&#8243; link_font_size=&#8221;17px&#8221; header_4_font=&#8221;||||||||&#8221; header_4_text_color=&#8221;#005167&#8243; header_4_font_size=&#8221;25px&#8221; header_4_line_height=&#8221;1.2em&#8221; custom_padding=&#8221;5px|20px|20px|20px|false|false&#8221; hover_enabled=&#8221;0&#8243; global_colors_info=&#8221;{}&#8221; link_text_color__hover_enabled=&#8221;on|desktop&#8221; link_text_color__hover=&#8221;#6EC200&#8243; sticky_enabled=&#8221;0&#8243;]<\/p>\n<h4>Dr. Varga Gergely Istv\u00e1n<\/h4>\n<p><strong>tudom\u00e1nyos munkat\u00e1rs<\/strong><\/p>\n<p><span style=\"font-family: 'ETmodules';\">\ue090 <\/span><a href=\"tel:+3662544104\">54-4104<\/a><\/p>\n<p><span style=\"font-family: 'ETmodules';\">\ue076 <\/span><a href=\"mailto:v&#103;&#105;&#115;&#116;&#105;&#64;&#103;&#109;&#97;&#105;&#x6c;&#x2e;&#x63;&#x6f;&#x6d;\">&#x76;g&#x69;&#115;&#x74;&#105;&#x40;&#x67;m&#x61;&#105;&#x6c;&#46;&#x63;&#111;m<\/a><\/p>\n<p>MTMT: 10043444 \u00a0 <a href=\"https:\/\/m2.mtmt.hu\/gui2\/?type=authors&amp;mode=browse&amp;sel=10043444&amp;view=dataSheet\" target=\"_blank\" rel=\"noopener\">MTMT adatlap<\/a>[\/et_pb_text][\/et_pb_column][et_pb_column type=&#8221;1_4&#8243; _builder_version=&#8221;4.19.5&#8243; _module_preset=&#8221;default&#8221; box_shadow_style=&#8221;preset1&#8243; box_shadow_blur=&#8221;10px&#8221; global_colors_info=&#8221;{}&#8221;][et_pb_image src=&#8221;https:\/\/szte-genetika.hu\/wp-content\/uploads\/2023\/02\/SpekkerOlga.webp&#8221; alt=&#8221;Spekker Olga&#8221; title_text=&#8221;Spekker Olga&#8221; align_tablet=&#8221;&#8221; align_phone=&#8221;center&#8221; align_last_edited=&#8221;on|desktop&#8221; _builder_version=&#8221;4.19.5&#8243; _module_preset=&#8221;default&#8221; width=&#8221;100%&#8221; width_tablet=&#8221;100%&#8221; width_phone=&#8221;100%&#8221; width_last_edited=&#8221;on|phone&#8221; custom_margin=&#8221;||10px||false|false&#8221; custom_padding=&#8221;20px|20px||20px|false|false&#8221; global_colors_info=&#8221;{}&#8221;][\/et_pb_image][et_pb_text _builder_version=&#8221;4.19.5&#8243; _module_preset=&#8221;default&#8221; text_text_color=&#8221;#002843&#8243; text_font_size=&#8221;17px&#8221; text_line_height=&#8221;1.2em&#8221; link_font=&#8221;||||on|||#8BCE33|&#8221; link_text_color=&#8221;#002843&#8243; link_font_size=&#8221;17px&#8221; header_4_font=&#8221;||||||||&#8221; header_4_text_color=&#8221;#005167&#8243; header_4_font_size=&#8221;25px&#8221; header_4_line_height=&#8221;1.2em&#8221; custom_padding=&#8221;5px|20px|20px|20px|false|false&#8221; global_colors_info=&#8221;{}&#8221; link_text_color__hover_enabled=&#8221;on|desktop&#8221; link_text_color__hover=&#8221;#6EC200&#8243;]<\/p>\n<h4>Dr. Spekker Olga<\/h4>\n<p><strong>tudom\u00e1nyos munkat\u00e1rs<\/strong><\/p>\n<p><span style=\"font-family: 'ETmodules';\">\ue090 <\/span><a href=\"tel:+3662544104\">54-4104<\/a><\/p>\n<p><span style=\"font-family: 'ETmodules';\">\ue076 <\/span><a href=\"&#x6d;&#x61;&#x69;&#x6c;&#x74;&#x6f;&#58;&#111;&#108;&#103;a&#46;sp&#x65;&#x6b;&#x6b;&#x65;&#x72;&#x40;&#103;&#109;&#97;&#105;&#108;&#46;co&#x6d;\">&#111;&#x6c;&#x67;a&#46;&#x73;&#x70;e&#107;&#x6b;e&#114;&#x40;&#x67;m&#97;&#x69;l&#46;&#x63;&#x6f;m<\/a><\/p>\n<p>MTMT: 10043233 \u00a0 <a href=\"https:\/\/m2.mtmt.hu\/gui2\/?type=authors&amp;mode=browse&amp;sel=10043233&amp;view=dataSheet\" target=\"_blank\" rel=\"noopener\">MTMT adatlap<\/a><\/p>\n<p>[\/et_pb_text][\/et_pb_column][\/et_pb_row][et_pb_row column_structure=&#8221;1_4,1_4,1_4,1_4&#8243; use_custom_gutter=&#8221;on&#8221; gutter_width=&#8221;2&#8243; make_equal=&#8221;on&#8221; _builder_version=&#8221;4.25.0&#8243; _module_preset=&#8221;default&#8221; width=&#8221;85%&#8221; custom_padding=&#8221;0px||||false|false&#8221; global_colors_info=&#8221;{}&#8221;][et_pb_column type=&#8221;1_4&#8243; _builder_version=&#8221;4.19.5&#8243; _module_preset=&#8221;default&#8221; custom_padding=&#8221;||||false|false&#8221; box_shadow_style=&#8221;preset1&#8243; box_shadow_blur=&#8221;10px&#8221; global_colors_info=&#8221;{}&#8221;][et_pb_image src=&#8221;https:\/\/szte-genetika.hu\/wp-content\/uploads\/2023\/02\/TihanyiBalazs.webp&#8221; alt=&#8221;Dr. Tihanyi Bal\u00e1zs&#8221; title_text=&#8221;Dr. Tihanyi Bal\u00e1zs&#8221; align_tablet=&#8221;&#8221; align_phone=&#8221;center&#8221; align_last_edited=&#8221;on|desktop&#8221; _builder_version=&#8221;4.19.5&#8243; _module_preset=&#8221;default&#8221; width=&#8221;100%&#8221; width_tablet=&#8221;100%&#8221; width_phone=&#8221;100%&#8221; width_last_edited=&#8221;on|phone&#8221; custom_margin=&#8221;||10px||false|false&#8221; custom_padding=&#8221;20px|20px||20px|false|false&#8221; global_colors_info=&#8221;{}&#8221;][\/et_pb_image][et_pb_text _builder_version=&#8221;4.25.0&#8243; _module_preset=&#8221;default&#8221; text_text_color=&#8221;#002843&#8243; text_font_size=&#8221;17px&#8221; text_line_height=&#8221;1.2em&#8221; link_font=&#8221;||||on|||#8BCE33|&#8221; link_text_color=&#8221;#002843&#8243; link_font_size=&#8221;17px&#8221; header_4_font=&#8221;||||||||&#8221; header_4_text_color=&#8221;#005167&#8243; header_4_font_size=&#8221;25px&#8221; header_4_line_height=&#8221;1.2em&#8221; custom_padding=&#8221;5px|20px|20px|20px|false|false&#8221; hover_enabled=&#8221;0&#8243; global_colors_info=&#8221;{}&#8221; link_text_color__hover_enabled=&#8221;on|desktop&#8221; link_text_color__hover=&#8221;#6EC200&#8243; sticky_enabled=&#8221;0&#8243;]<\/p>\n<h4>Dr. Tihanyi Bal\u00e1zs<\/h4>\n<p><strong>tudom\u00e1nyos munkat\u00e1rs<br \/><\/strong><\/p>\n<p><span style=\"font-family: 'ETmodules';\">\ue090 <\/span><\/p>\n<p><span style=\"font-family: 'ETmodules';\">\ue076\u00a0<\/span><\/p>\n<p>MTMT: 10053309 \u00a0 <a href=\"https:\/\/m2.mtmt.hu\/gui2\/?type=authors&amp;mode=browse&amp;sel=10053309&amp;view=dataSheet\" target=\"_blank\" rel=\"noopener\">MTMT adatlap<\/a><\/p>\n<p>[\/et_pb_text][\/et_pb_column][et_pb_column type=&#8221;1_4&#8243; _builder_version=&#8221;4.19.5&#8243; _module_preset=&#8221;default&#8221; box_shadow_style=&#8221;preset1&#8243; box_shadow_blur=&#8221;10px&#8221; global_colors_info=&#8221;{}&#8221;][et_pb_image src=&#8221;https:\/\/szte-genetika.hu\/wp-content\/uploads\/2023\/03\/KovacsBence.webp&#8221; alt=&#8221;Kov\u00e1cs Bence&#8221; title_text=&#8221;Kov\u00e1cs Bence&#8221; align_tablet=&#8221;&#8221; align_phone=&#8221;center&#8221; align_last_edited=&#8221;on|desktop&#8221; _builder_version=&#8221;4.19.5&#8243; _module_preset=&#8221;default&#8221; width=&#8221;100%&#8221; width_tablet=&#8221;100%&#8221; width_phone=&#8221;100%&#8221; width_last_edited=&#8221;on|phone&#8221; custom_margin=&#8221;||10px||false|false&#8221; custom_padding=&#8221;20px|20px||20px|false|false&#8221; global_colors_info=&#8221;{}&#8221;][\/et_pb_image][et_pb_text _builder_version=&#8221;4.19.5&#8243; _module_preset=&#8221;default&#8221; text_text_color=&#8221;#002843&#8243; text_font_size=&#8221;17px&#8221; text_line_height=&#8221;1.2em&#8221; link_font=&#8221;||||on|||#8BCE33|&#8221; link_text_color=&#8221;#002843&#8243; link_font_size=&#8221;17px&#8221; header_4_font=&#8221;||||||||&#8221; header_4_text_color=&#8221;#005167&#8243; header_4_font_size=&#8221;25px&#8221; header_4_line_height=&#8221;1.2em&#8221; custom_padding=&#8221;5px|20px|20px|20px|false|false&#8221; global_colors_info=&#8221;{}&#8221; link_text_color__hover_enabled=&#8221;on|desktop&#8221; link_text_color__hover=&#8221;#6EC200&#8243;]<\/p>\n<h4>Kov\u00e1cs Bence<\/h4>\n<p><strong>PhD hallgat\u00f3<\/strong><\/p>\n<p><span style=\"font-family: 'ETmodules';\">\ue076 <\/span><a href=\"&#109;&#x61;i&#108;&#x74;&#111;&#x3a;k&#111;&#x76;a&#x63;&#x73;&#46;&#x62;e&#110;&#x63;e&#x2e;&#x67;&#97;&#x40;g&#109;&#x61;&#105;&#x6c;&#46;&#99;&#x6f;m\">&#107;&#x6f;v&#x61;&#x63;&#115;&#x2e;b&#101;&#x6e;&#99;&#x65;&#46;&#103;&#x61;&#64;&#x67;m&#97;&#x69;l&#x2e;&#x63;&#111;&#x6d;<\/a><\/p>\n<p>MTMT: 10070508 \u00a0 <a href=\"https:\/\/m2.mtmt.hu\/gui2\/?type=authors&amp;mode=browse&amp;sel=10070508&amp;view=dataSheet\" target=\"_blank\" rel=\"noopener\">MTMT adatlap<\/a><\/p>\n<p>[\/et_pb_text][\/et_pb_column][et_pb_column type=&#8221;1_4&#8243; _builder_version=&#8221;4.19.5&#8243; _module_preset=&#8221;default&#8221; box_shadow_style=&#8221;preset1&#8243; box_shadow_blur=&#8221;10px&#8221; global_colors_info=&#8221;{}&#8221;][et_pb_image src=&#8221;https:\/\/szte-genetika.hu\/wp-content\/uploads\/2023\/02\/SchutzOszkar.webp&#8221; alt=&#8221;Sch\u00fctz Oszk\u00e1r&#8221; title_text=&#8221;Sch\u00fctz Oszk\u00e1r&#8221; align_tablet=&#8221;&#8221; align_phone=&#8221;center&#8221; align_last_edited=&#8221;on|desktop&#8221; _builder_version=&#8221;4.25.0&#8243; _module_preset=&#8221;default&#8221; width=&#8221;100%&#8221; width_tablet=&#8221;100%&#8221; width_phone=&#8221;100%&#8221; width_last_edited=&#8221;on|phone&#8221; custom_margin=&#8221;||10px||false|false&#8221; custom_padding=&#8221;20px|20px||20px|false|false&#8221; global_colors_info=&#8221;{}&#8221;][\/et_pb_image][et_pb_text _builder_version=&#8221;4.25.0&#8243; _module_preset=&#8221;default&#8221; text_text_color=&#8221;#002843&#8243; text_font_size=&#8221;17px&#8221; text_line_height=&#8221;1.2em&#8221; link_font=&#8221;||||on|||#8BCE33|&#8221; link_text_color=&#8221;#002843&#8243; link_font_size=&#8221;17px&#8221; header_4_font=&#8221;||||||||&#8221; header_4_text_color=&#8221;#005167&#8243; header_4_font_size=&#8221;25px&#8221; header_4_line_height=&#8221;1.2em&#8221; custom_padding=&#8221;5px|20px|20px|20px|false|false&#8221; hover_enabled=&#8221;0&#8243; global_colors_info=&#8221;{}&#8221; link_text_color__hover_enabled=&#8221;on|desktop&#8221; link_text_color__hover=&#8221;#6EC200&#8243; sticky_enabled=&#8221;0&#8243;]<\/p>\n<h4>Dr. Sch\u00fctz Oszk\u00e1r<\/h4>\n<p><strong>Tudom\u00e1nyos munkat\u00e1rs<\/strong><\/p>\n<p><span style=\"font-family: 'ETmodules';\">\ue076 <\/span><a href=\"&#x6d;&#97;&#x69;&#108;t&#x6f;&#58;s&#x63;&#104;&#x75;&#x74;z&#x6f;&#115;z&#x69;&#64;&#x67;&#x6d;a&#x69;&#108;&#46;&#x63;&#111;m\">&#x73;&#99;h&#x75;&#x74;&#122;o&#x73;&#x7a;&#105;&#64;&#x67;&#109;a&#x69;&#x6c;&#46;c&#x6f;&#x6d;<\/a><\/p>\n<p>MTMT: 10078234 \u00a0 <a href=\"https:\/\/m2.mtmt.hu\/gui2\/?type=authors&amp;mode=browse&amp;sel=10078234&amp;view=dataSheet\" target=\"_blank\" rel=\"noopener\">MTMT adatlap<\/a>[\/et_pb_text][\/et_pb_column][et_pb_column type=&#8221;1_4&#8243; _builder_version=&#8221;4.19.5&#8243; _module_preset=&#8221;default&#8221; box_shadow_style=&#8221;preset1&#8243; box_shadow_blur=&#8221;10px&#8221; global_colors_info=&#8221;{}&#8221;][et_pb_image src=&#8221;https:\/\/szte-genetika.hu\/wp-content\/uploads\/2023\/02\/DosztigMonika.webp&#8221; alt=&#8221;Dosztig M\u00f3nika&#8221; title_text=&#8221;Dosztig M\u00f3nika&#8221; align_tablet=&#8221;&#8221; align_phone=&#8221;center&#8221; align_last_edited=&#8221;on|desktop&#8221; _builder_version=&#8221;4.25.0&#8243; _module_preset=&#8221;default&#8221; width=&#8221;100%&#8221; width_tablet=&#8221;100%&#8221; width_phone=&#8221;100%&#8221; width_last_edited=&#8221;on|phone&#8221; custom_margin=&#8221;||10px||false|false&#8221; custom_padding=&#8221;20px|20px||20px|false|false&#8221; global_colors_info=&#8221;{}&#8221;][\/et_pb_image][et_pb_text _builder_version=&#8221;4.25.0&#8243; _module_preset=&#8221;default&#8221; text_text_color=&#8221;#002843&#8243; text_font_size=&#8221;17px&#8221; text_line_height=&#8221;1.2em&#8221; link_font=&#8221;||||on|||#8BCE33|&#8221; link_text_color=&#8221;#002843&#8243; link_font_size=&#8221;17px&#8221; header_4_font=&#8221;||||||||&#8221; header_4_text_color=&#8221;#005167&#8243; header_4_font_size=&#8221;25px&#8221; header_4_line_height=&#8221;1.2em&#8221; custom_padding=&#8221;5px|20px|20px|20px|false|false&#8221; global_colors_info=&#8221;{}&#8221; link_text_color__hover_enabled=&#8221;on|desktop&#8221; link_text_color__hover=&#8221;#6EC200&#8243;]<\/p>\n<h4>Balogn\u00e9 Dosztig Monika<\/h4>\n<p><strong>technikai asszisztens<\/strong><\/p>\n<p><span style=\"font-family: 'ETmodules';\">\ue090 <\/span><a href=\"tel:+3662544268\">54-4268\u00a0<\/a><\/p>\n<p><span style=\"font-family: 'ETmodules';\">\ue076 <\/span><a href=\"mailto&#58;&#100;&#111;&#115;&#122;&#116;&#105;&#x67;&#x2e;&#x6d;&#x6f;&#x6e;&#x69;&#x40;&#x67;&#x6d;&#x61;&#x69;&#x6c;&#46;com\">&#100;&#x6f;&#x73;z&#116;&#x69;g&#46;&#x6d;o&#110;&#x69;&#64;&#103;&#x6d;&#x61;&#105;&#x6c;&#x2e;c&#111;&#x6d;<\/a>[\/et_pb_text][\/et_pb_column][\/et_pb_row][\/et_pb_section]<\/p>\n","protected":false},"excerpt":{"rendered":"<p>Archeogenetikai kutat\u00f3csoportPopul\u00e1ci\u00f3genomika t\u00e9mak\u00f6r A csoport kutat\u00e1si t\u00e9m\u00e1ja a K\u00e1rp\u00e1t-medence t\u00f6rt\u00e9neti n\u00e9pess\u00e9geinek genetikai vizsg\u00e1lata. Laborat\u00f3riumunkban a r\u00e9g\u00e9szetileg felt\u00e1rt csontokb\u00f3l kivont archaikus DNS (aDNS) szekvenci\u00e1inak elemz\u00e9s\u00e9vel tudunk k\u00f6vetkeztetni egykori hordoz\u00f3ik csal\u00e1di \u00e9s popul\u00e1ci\u00f3s szint\u0171 rokons\u00e1gi viszonyaira. Az aDNS genomokb\u00f3l meghat\u00e1rozhat\u00f3k az egykori popul\u00e1ci\u00f3k v\u00e1ndorl\u00e1sai \u00e9s kevered\u00e9sei is. Eddigi munk\u00e1inkban sikeresen rekonstru\u00e1ltuk a hunok, avarok \u00e9s honfoglal\u00f3 magyarok [&hellip;]<\/p>\n","protected":false},"author":2,"featured_media":76,"parent":0,"menu_order":0,"comment_status":"closed","ping_status":"closed","template":"","meta":{"_et_pb_use_builder":"on","_et_pb_old_content":"","_et_gb_content_width":"","footnotes":""},"class_list":["post-133","page","type-page","status-publish","has-post-thumbnail","hentry"],"_links":{"self":[{"href":"https:\/\/szte-genetika.hu\/en\/wp-json\/wp\/v2\/pages\/133","targetHints":{"allow":["GET"]}}],"collection":[{"href":"https:\/\/szte-genetika.hu\/en\/wp-json\/wp\/v2\/pages"}],"about":[{"href":"https:\/\/szte-genetika.hu\/en\/wp-json\/wp\/v2\/types\/page"}],"author":[{"embeddable":true,"href":"https:\/\/szte-genetika.hu\/en\/wp-json\/wp\/v2\/users\/2"}],"replies":[{"embeddable":true,"href":"https:\/\/szte-genetika.hu\/en\/wp-json\/wp\/v2\/comments?post=133"}],"version-history":[{"count":21,"href":"https:\/\/szte-genetika.hu\/en\/wp-json\/wp\/v2\/pages\/133\/revisions"}],"predecessor-version":[{"id":431,"href":"https:\/\/szte-genetika.hu\/en\/wp-json\/wp\/v2\/pages\/133\/revisions\/431"}],"wp:featuredmedia":[{"embeddable":true,"href":"https:\/\/szte-genetika.hu\/en\/wp-json\/wp\/v2\/media\/76"}],"wp:attachment":[{"href":"https:\/\/szte-genetika.hu\/en\/wp-json\/wp\/v2\/media?parent=133"}],"curies":[{"name":"wp","href":"https:\/\/api.w.org\/{rel}","templated":true}]}}